{"id":36589,"date":"2023-05-29T17:20:39","date_gmt":"2023-05-29T15:20:39","guid":{"rendered":"https:\/\/pilma.com\/fragancia-pilma\/"},"modified":"2023-06-19T13:48:26","modified_gmt":"2023-06-19T11:48:26","slug":"fragancia-pilma","status":"publish","type":"page","link":"https:\/\/pilma.com\/ca\/fragancia-pilma\/","title":{"rendered":"Frag\u00e0ncia Pilma"},"content":{"rendered":"<p>[et_pb_section fb_built=&#8221;1&#8243; _builder_version=&#8221;4.21.0&#8243; _module_preset=&#8221;default&#8221; background_enable_color=&#8221;off&#8221; background_image=&#8221;https:\/\/pilma.com\/wp-content\/uploads\/2023\/06\/BANNER_1920x800_fragancia.jpg&#8221; custom_margin=&#8221;||||false|false&#8221; custom_padding=&#8221;0px||0px||false|false&#8221; hover_enabled=&#8221;0&#8243; background_last_edited=&#8221;on|phone&#8221; background_image_tablet=&#8221;https:\/\/pilma.com\/wp-content\/uploads\/2023\/06\/BANNER_768x600.jpg&#8221; background_image_phone=&#8221;https:\/\/pilma.com\/wp-content\/uploads\/2023\/06\/BANNER_400x600.jpg&#8221; background_enable_image_tablet=&#8221;on&#8221; background_enable_image_phone=&#8221;on&#8221; global_colors_info=&#8221;{}&#8221; sticky_enabled=&#8221;0&#8243; title_text=&#8221;BANNER_1920x800_fragancia&#8221;][et_pb_row make_equal=&#8221;on&#8221; module_id=&#8221;pilma-travel&#8221; _builder_version=&#8221;4.21.0&#8243; _module_preset=&#8221;default&#8221; width=&#8221;100%&#8221; max_width=&#8221;100%&#8221; height=&#8221;41.3vw&#8221; height_tablet=&#8221;78.3vw&#8221; height_phone=&#8221;150vw&#8221; height_last_edited=&#8221;on|phone&#8221; custom_margin=&#8221;0px||0px||false|false&#8221; custom_padding=&#8221;0px||0px||false|false&#8221; hover_enabled=&#8221;0&#8243; global_colors_info=&#8221;{}&#8221; sticky_enabled=&#8221;0&#8243;][et_pb_column type=&#8221;4_4&#8243; _builder_version=&#8221;4.20.2&#8243; _module_preset=&#8221;default&#8221; custom_css_main_element=&#8221;align-self:center;&#8221; global_colors_info=&#8221;{}&#8221; custom_css_main_element_last_edited=&#8221;on|phone&#8221; custom_css_main_element_tablet=&#8221;margin-top:200px&#8221; custom_css_main_element_phone=&#8221;margin-top:100px;&#8221;][et_pb_text _builder_version=&#8221;4.20.2&#8243; _module_preset=&#8221;default&#8221; text_font=&#8221;Graphik extralight||||||||&#8221; text_text_color=&#8221;#FFFFFF&#8221; text_font_size=&#8221;53px&#8221; header_font=&#8221;Pilma Display Font||||||||&#8221; header_text_align=&#8221;center&#8221; header_text_color=&#8221;#FFFFFF&#8221; header_font_size=&#8221;8vw&#8221; background_enable_color=&#8221;off&#8221; text_orientation=&#8221;center&#8221; module_alignment=&#8221;center&#8221; min_height_tablet=&#8221;250px&#8221; min_height_phone=&#8221;250px&#8221; min_height_last_edited=&#8221;off|desktop&#8221; custom_margin=&#8221;0px||0px||false|false&#8221; text_font_size_tablet=&#8221;45px&#8221; text_font_size_phone=&#8221;40px&#8221; text_font_size_last_edited=&#8221;on|phone&#8221; text_line_height_tablet=&#8221;&#8221; text_line_height_phone=&#8221;1.1em&#8221; text_line_height_last_edited=&#8221;on|tablet&#8221; header_font_size_tablet=&#8221;10vw&#8221; header_font_size_phone=&#8221;20vw&#8221; header_font_size_last_edited=&#8221;on|phone&#8221; custom_css_main_element=&#8221;display: flex;||flex-direction: column;||justify-content: center;&#8221; global_colors_info=&#8221;{}&#8221;]<\/p>\n<h1>Frag\u00e0ncia Pilma<\/h1>\n<p>Una frag\u00e0ncia, mil sensacions<\/p>\n<p>[\/et_pb_text][\/et_pb_column][\/et_pb_row][\/et_pb_section][et_pb_section fb_built=&#8221;1&#8243; _builder_version=&#8221;4.20.2&#8243; _module_preset=&#8221;default&#8221; background_color=&#8221;#ede9e6&#8243; custom_padding=&#8221;35px||35px|||&#8221; global_colors_info=&#8221;{}&#8221;][et_pb_row make_equal=&#8221;on&#8221; _builder_version=&#8221;4.20.2&#8243; _module_preset=&#8221;default&#8221; custom_padding=&#8221;62px||62px|||&#8221; global_colors_info=&#8221;{}&#8221;][et_pb_column type=&#8221;4_4&#8243; _builder_version=&#8221;4.20.2&#8243; _module_preset=&#8221;default&#8221; custom_css_main_element=&#8221;align-self:center;&#8221; global_colors_info=&#8221;{}&#8221;][et_pb_text _builder_version=&#8221;4.20.2&#8243; _module_preset=&#8221;default&#8221; text_font_size=&#8221;24px&#8221; text_line_height=&#8221;1.6em&#8221; text_orientation=&#8221;center&#8221; global_colors_info=&#8221;{}&#8221;]<\/p>\n<p>Ara far\u00e0 un any que vam trobar la <strong>frag\u00e0ncia que millor representava els nostres valors<\/strong> i que ha identificat olfactivament a partir de llavors les nostres botigues. Podr\u00edem descriure-la breument aix\u00ed:<\/p>\n<p><em>&#8220;La calidesa i el confort de la fusta es fonen amb la <strong>seguretat i la fortalesa dels metalls<\/strong> en una harmoniosa combinaci\u00f3 de matisos especiats que transmeten la <strong>modernitat tradicional<\/strong> dels valors que, des de fa anys, <strong>Pilma<\/strong> desenvolupa per a la teva llar&#8221;<\/em>.<\/p>\n<p>[\/et_pb_text][\/et_pb_column][\/et_pb_row][\/et_pb_section][et_pb_section fb_built=&#8221;1&#8243; _builder_version=&#8221;4.20.2&#8243; _module_preset=&#8221;default&#8221; background_color=&#8221;#bbb6af&#8221; custom_padding=&#8221;35px||35px|||&#8221; global_colors_info=&#8221;{}&#8221;][et_pb_row column_structure=&#8221;2_5,3_5&#8243; make_equal=&#8221;on&#8221; _builder_version=&#8221;4.20.2&#8243; _module_preset=&#8221;default&#8221; global_colors_info=&#8221;{}&#8221;][et_pb_column type=&#8221;2_5&#8243; _builder_version=&#8221;4.20.2&#8243; _module_preset=&#8221;default&#8221; global_colors_info=&#8221;{}&#8221;][et_pb_image src=&#8221;https:\/\/pilma.com\/wp-content\/uploads\/2023\/05\/aromas-pilma-008.jpg&#8221; _builder_version=&#8221;4.20.2&#8243; _module_preset=&#8221;default&#8221; custom_margin=&#8221;-110px||||false|false&#8221; global_colors_info=&#8221;{}&#8221;][\/et_pb_image][\/et_pb_column][et_pb_column type=&#8221;3_5&#8243; _builder_version=&#8221;4.20.2&#8243; _module_preset=&#8221;default&#8221; custom_css_main_element=&#8221;align-self:center;&#8221; global_colors_info=&#8221;{}&#8221;][et_pb_text _builder_version=&#8221;4.20.2&#8243; _module_preset=&#8221;default&#8221; text_font_size=&#8221;24px&#8221; text_line_height=&#8221;1.6em&#8221; global_colors_info=&#8221;{}&#8221;]<\/p>\n<p>Cada persona que visita les nostres botigues percep la nostra frag\u00e0ncia d&#8217;una manera distinta, i \u00e9s <strong>transportada a un rac\u00f3 diferent dels seus records<\/strong>. Tanmateix, tothom coincideix en que \u00e9s una <strong>frag\u00e0ncia amb molta personalitat i car\u00e0cter<\/strong>, i sovint ens han demanat si la podien comprar.<\/p>\n<p>[\/et_pb_text][\/et_pb_column][\/et_pb_row][\/et_pb_section][et_pb_section fb_built=&#8221;1&#8243; _builder_version=&#8221;4.20.2&#8243; _module_preset=&#8221;default&#8221; background_color=&#8221;#ede9e6&#8243; custom_padding=&#8221;35px||35px|||&#8221; locked=&#8221;off&#8221; global_colors_info=&#8221;{}&#8221;][et_pb_row column_structure=&#8221;3_5,2_5&#8243; make_equal=&#8221;on&#8221; _builder_version=&#8221;4.20.2&#8243; _module_preset=&#8221;default&#8221; global_colors_info=&#8221;{}&#8221;][et_pb_column type=&#8221;3_5&#8243; _builder_version=&#8221;4.20.2&#8243; _module_preset=&#8221;default&#8221; custom_css_main_element=&#8221;align-self:center;&#8221; global_colors_info=&#8221;{}&#8221;][et_pb_text _builder_version=&#8221;4.20.2&#8243; _module_preset=&#8221;default&#8221; text_font_size=&#8221;24px&#8221; text_line_height=&#8221;1.6em&#8221; global_colors_info=&#8221;{}&#8221;]<\/p>\n<p>A partir d&#8217;ara, <strong>\u00e9s possible comprar-la a qualsevol de les nostres botigues<\/strong>. Est\u00e0 disponible en format <strong>d&#8217;ambientador, espelma i mikado<\/strong> per facilitar-vos que la frag\u00e0ncia s&#8217;adapti millor a la vostra llar i prefer\u00e8ncies, i en uns embalatges de formes geom\u00e8triques que dialoguen a la perfecci\u00f3.<\/p>\n<p>[\/et_pb_text][\/et_pb_column][et_pb_column type=&#8221;2_5&#8243; _builder_version=&#8221;4.20.2&#8243; _module_preset=&#8221;default&#8221; global_colors_info=&#8221;{}&#8221;][et_pb_image src=&#8221;https:\/\/pilma.com\/wp-content\/uploads\/2023\/05\/aromas-pilma-003.jpg&#8221; _builder_version=&#8221;4.20.2&#8243; _module_preset=&#8221;default&#8221; custom_margin=&#8221;-150px||||false|false&#8221; custom_margin_tablet=&#8221;auto||||false|false&#8221; custom_margin_phone=&#8221;auto||||false|false&#8221; custom_margin_last_edited=&#8221;on|tablet&#8221; global_colors_info=&#8221;{}&#8221;][\/et_pb_image][\/et_pb_column][\/et_pb_row][\/et_pb_section][et_pb_section fb_built=&#8221;1&#8243; module_id=&#8221;nuestras-marcas&#8221; _builder_version=&#8221;4.20.2&#8243; _module_preset=&#8221;default&#8221; background_color=&#8221;#bbb6af&#8221; global_colors_info=&#8221;{}&#8221;][et_pb_row column_structure=&#8221;1_3,1_3,1_3&#8243; _builder_version=&#8221;4.16&#8243; _module_preset=&#8221;default&#8221; global_colors_info=&#8221;{}&#8221;][et_pb_column type=&#8221;1_3&#8243; _builder_version=&#8221;4.16&#8243; _module_preset=&#8221;default&#8221; global_colors_info=&#8221;{}&#8221;][et_pb_image src=&#8221;https:\/\/pilma.com\/wp-content\/uploads\/2023\/05\/aromas-pilma-005.jpg&#8221; title_text=&#8221;pilma-travel-maletas-fpm-hotel-duquesa-cardona-producto&#8221; url=&#8221;https:\/\/pilma.com\/ca\/producte\/mikado-premium-200-ml\/&#8221; show_bottom_space=&#8221;off&#8221; align=&#8221;center&#8221; _builder_version=&#8221;4.20.2&#8243; _module_preset=&#8221;default&#8221; animation_style=&#8221;slide&#8221; animation_intensity_slide=&#8221;10%&#8221; global_colors_info=&#8221;{}&#8221;][\/et_pb_image][et_pb_button button_url=&#8221;https:\/\/pilma.com\/ca\/producte\/mikado-premium-200-ml\/&#8221; button_text=&#8221;veure m\u00e9s&#8221; button_alignment=&#8221;center&#8221; _builder_version=&#8221;4.20.2&#8243; _module_preset=&#8221;default&#8221; positioning=&#8221;absolute&#8221; position_origin_a=&#8221;bottom_right&#8221; vertical_offset=&#8221;10px&#8221; horizontal_offset=&#8221;10px&#8221; background_layout=&#8221;dark&#8221; global_colors_info=&#8221;{}&#8221;][\/et_pb_button][\/et_pb_column][et_pb_column type=&#8221;1_3&#8243; _builder_version=&#8221;4.16&#8243; _module_preset=&#8221;default&#8221; global_colors_info=&#8221;{}&#8221;][et_pb_image src=&#8221;https:\/\/pilma.com\/wp-content\/uploads\/2023\/05\/aromas-pilma-007.jpg&#8221; title_text=&#8221;pilma-travel-maletas-fpm-hotel-duquesa-cardona-producto&#8221; url=&#8221;https:\/\/pilma.com\/ca\/producte\/pulveritzador-premium-100-ml\/&#8221; show_bottom_space=&#8221;off&#8221; align=&#8221;center&#8221; _builder_version=&#8221;4.20.2&#8243; _module_preset=&#8221;default&#8221; animation_style=&#8221;slide&#8221; animation_intensity_slide=&#8221;10%&#8221; global_colors_info=&#8221;{}&#8221;][\/et_pb_image][et_pb_button button_url=&#8221;https:\/\/pilma.com\/ca\/producte\/pulveritzador-premium-100-ml\/&#8221; button_text=&#8221;veure m\u00e9s&#8221; button_alignment=&#8221;center&#8221; _builder_version=&#8221;4.20.2&#8243; _module_preset=&#8221;default&#8221; positioning=&#8221;absolute&#8221; position_origin_a=&#8221;bottom_right&#8221; vertical_offset=&#8221;10px&#8221; horizontal_offset=&#8221;10px&#8221; background_layout=&#8221;dark&#8221; global_colors_info=&#8221;{}&#8221;][\/et_pb_button][\/et_pb_column][et_pb_column type=&#8221;1_3&#8243; _builder_version=&#8221;4.16&#8243; _module_preset=&#8221;default&#8221; global_colors_info=&#8221;{}&#8221;][et_pb_image src=&#8221;https:\/\/pilma.com\/wp-content\/uploads\/2023\/05\/aromas-pilma-006.jpg&#8221; title_text=&#8221;pilma-travel-maletas-fpm-hotel-duquesa-cardona-producto&#8221; url=&#8221;https:\/\/pilma.com\/ca\/producte\/candle-v30-premium\/&#8221; show_bottom_space=&#8221;off&#8221; align=&#8221;center&#8221; _builder_version=&#8221;4.20.2&#8243; _module_preset=&#8221;default&#8221; animation_style=&#8221;slide&#8221; animation_intensity_slide=&#8221;10%&#8221; global_colors_info=&#8221;{}&#8221;][\/et_pb_image][et_pb_button button_url=&#8221;https:\/\/pilma.com\/ca\/producte\/candle-v30-premium\/&#8221; button_text=&#8221;veure m\u00e9s&#8221; button_alignment=&#8221;center&#8221; _builder_version=&#8221;4.20.2&#8243; _module_preset=&#8221;default&#8221; positioning=&#8221;absolute&#8221; position_origin_a=&#8221;bottom_right&#8221; vertical_offset=&#8221;10px&#8221; horizontal_offset=&#8221;10px&#8221; background_layout=&#8221;dark&#8221; global_colors_info=&#8221;{}&#8221;][\/et_pb_button][\/et_pb_column][\/et_pb_row][\/et_pb_section]<\/p>\n","protected":false},"excerpt":{"rendered":"<p>Frag\u00e0ncia Pilma Una frag\u00e0ncia, mil sensacionsAra far\u00e0 un any que vam trobar la frag\u00e0ncia que millor representava els nostres valors i que ha identificat olfactivament a partir de llavors les nostres botigues. Podr\u00edem descriure-la breument aix\u00ed: &#8220;La calidesa i el confort de la fusta es fonen amb la seguretat i la fortalesa dels metalls en una harmoniosa combinaci\u00f3 de matisos especiats que transmeten la modernitat tradicional dels valors que, des de fa anys, Pilma desenvolupa per a la teva llar&#8221;.Cada persona que visita les nostres botigues percep la nostra frag\u00e0ncia d&#8217;una manera distinta, i \u00e9s transportada a un rac\u00f3 diferent dels seus records. Tanmateix, tothom coincideix en que \u00e9s una frag\u00e0ncia amb molta personalitat i car\u00e0cter, i sovint ens han demanat si la podien comprar.A partir d&#8217;ara, \u00e9s possible comprar-la a qualsevol de les nostres botigues. Est\u00e0 disponible en format d&#8217;ambientador, espelma i mikado per facilitar-vos que la frag\u00e0ncia s&#8217;adapti millor a la vostra llar i prefer\u00e8ncies, i en uns embalatges de formes geom\u00e8triques que dialoguen a la perfecci\u00f3.<\/p>\n","protected":false},"author":18640,"featured_media":0,"parent":0,"menu_order":0,"comment_status":"closed","ping_status":"closed","template":"","meta":{"_acf_changed":false,"_et_pb_use_builder":"on","_et_pb_old_content":"","_et_gb_content_width":"","footnotes":""},"class_list":["post-36589","page","type-page","status-publish","hentry"],"acf":[],"yoast_head":"<!-- This site is optimized with the Yoast SEO plugin v27.4 - https:\/\/yoast.com\/product\/yoast-seo-wordpress\/ -->\n<title>Frag\u00e0ncia Pilma - Pilma - Mobles de disseny i decoraci\u00f3 d&#039;interiors<\/title>\n<meta name=\"robots\" content=\"index, follow, max-snippet:-1, max-image-preview:large, max-video-preview:-1\" \/>\n<link rel=\"canonical\" href=\"https:\/\/pilma.com\/ca\/fragancia-pilma\/\" \/>\n<meta property=\"og:locale\" content=\"ca_ES\" \/>\n<meta property=\"og:type\" content=\"article\" \/>\n<meta property=\"og:title\" content=\"Frag\u00e0ncia Pilma - Pilma - Mobles de disseny i decoraci\u00f3 d&#039;interiors\" \/>\n<meta property=\"og:description\" content=\"Frag\u00e0ncia Pilma Una frag\u00e0ncia, mil sensacionsAra far\u00e0 un any que vam trobar la frag\u00e0ncia que millor representava els nostres valors i que ha identificat olfactivament a partir de llavors les nostres botigues. Podr\u00edem descriure-la breument aix\u00ed: &quot;La calidesa i el confort de la fusta es fonen amb la seguretat i la fortalesa dels metalls en una harmoniosa combinaci\u00f3 de matisos especiats que transmeten la modernitat tradicional dels valors que, des de fa anys, Pilma desenvolupa per a la teva llar&quot;.Cada persona que visita les nostres botigues percep la nostra frag\u00e0ncia d&#039;una manera distinta, i \u00e9s transportada a un rac\u00f3 diferent dels seus records. Tanmateix, tothom coincideix en que \u00e9s una frag\u00e0ncia amb molta personalitat i car\u00e0cter, i sovint ens han demanat si la podien comprar.A partir d&#039;ara, \u00e9s possible comprar-la a qualsevol de les nostres botigues. Est\u00e0 disponible en format d&#039;ambientador, espelma i mikado per facilitar-vos que la frag\u00e0ncia s&#039;adapti millor a la vostra llar i prefer\u00e8ncies, i en uns embalatges de formes geom\u00e8triques que dialoguen a la perfecci\u00f3.\" \/>\n<meta property=\"og:url\" content=\"https:\/\/pilma.com\/ca\/fragancia-pilma\/\" \/>\n<meta property=\"og:site_name\" content=\"Pilma - Mobles de disseny i decoraci\u00f3 d&#039;interiors\" \/>\n<meta property=\"article:publisher\" content=\"https:\/\/www.facebook.com\/Pilma.es\/\" \/>\n<meta property=\"article:modified_time\" content=\"2023-06-19T11:48:26+00:00\" \/>\n<meta name=\"twitter:card\" content=\"summary_large_image\" \/>\n<meta name=\"twitter:site\" content=\"@pilma_es\" \/>\n<meta name=\"twitter:label1\" content=\"Temps estimat de lectura\" \/>\n\t<meta name=\"twitter:data1\" content=\"6 minuts\" \/>\n<script type=\"application\/ld+json\" class=\"yoast-schema-graph\">{\"@context\":\"https:\\\/\\\/schema.org\",\"@graph\":[{\"@type\":\"WebPage\",\"@id\":\"https:\\\/\\\/pilma.com\\\/ca\\\/fragancia-pilma\\\/\",\"url\":\"https:\\\/\\\/pilma.com\\\/ca\\\/fragancia-pilma\\\/\",\"name\":\"Frag\u00e0ncia Pilma - Pilma - Mobles de disseny i decoraci\u00f3 d'interiors\",\"isPartOf\":{\"@id\":\"https:\\\/\\\/pilma.com\\\/ca\\\/#website\"},\"datePublished\":\"2023-05-29T15:20:39+00:00\",\"dateModified\":\"2023-06-19T11:48:26+00:00\",\"breadcrumb\":{\"@id\":\"https:\\\/\\\/pilma.com\\\/ca\\\/fragancia-pilma\\\/#breadcrumb\"},\"inLanguage\":\"ca\",\"potentialAction\":[{\"@type\":\"ReadAction\",\"target\":[\"https:\\\/\\\/pilma.com\\\/ca\\\/fragancia-pilma\\\/\"]}]},{\"@type\":\"BreadcrumbList\",\"@id\":\"https:\\\/\\\/pilma.com\\\/ca\\\/fragancia-pilma\\\/#breadcrumb\",\"itemListElement\":[{\"@type\":\"ListItem\",\"position\":1,\"name\":\"Home\",\"item\":\"https:\\\/\\\/pilma.com\\\/ca\\\/\"},{\"@type\":\"ListItem\",\"position\":2,\"name\":\"Frag\u00e0ncia Pilma\"}]},{\"@type\":\"WebSite\",\"@id\":\"https:\\\/\\\/pilma.com\\\/ca\\\/#website\",\"url\":\"https:\\\/\\\/pilma.com\\\/ca\\\/\",\"name\":\"Pilma - Mobles de disseny i decoraci\u00f3 d'interiors\",\"description\":\"Pilma - Mobles de disseny i decoraci\u00f3 d'interiors\",\"publisher\":{\"@id\":\"https:\\\/\\\/pilma.com\\\/ca\\\/#organization\"},\"potentialAction\":[{\"@type\":\"SearchAction\",\"target\":{\"@type\":\"EntryPoint\",\"urlTemplate\":\"https:\\\/\\\/pilma.com\\\/ca\\\/?s={search_term_string}\"},\"query-input\":{\"@type\":\"PropertyValueSpecification\",\"valueRequired\":true,\"valueName\":\"search_term_string\"}}],\"inLanguage\":\"ca\"},{\"@type\":\"Organization\",\"@id\":\"https:\\\/\\\/pilma.com\\\/ca\\\/#organization\",\"name\":\"Pilma\",\"url\":\"https:\\\/\\\/pilma.com\\\/ca\\\/\",\"logo\":{\"@type\":\"ImageObject\",\"inLanguage\":\"ca\",\"@id\":\"https:\\\/\\\/pilma.com\\\/ca\\\/#\\\/schema\\\/logo\\\/image\\\/\",\"url\":\"https:\\\/\\\/pilma.com\\\/wp-content\\\/uploads\\\/2025\\\/11\\\/Pilma-512x512-1.png\",\"contentUrl\":\"https:\\\/\\\/pilma.com\\\/wp-content\\\/uploads\\\/2025\\\/11\\\/Pilma-512x512-1.png\",\"width\":512,\"height\":512,\"caption\":\"Pilma\"},\"image\":{\"@id\":\"https:\\\/\\\/pilma.com\\\/ca\\\/#\\\/schema\\\/logo\\\/image\\\/\"},\"sameAs\":[\"https:\\\/\\\/www.facebook.com\\\/Pilma.es\\\/\",\"https:\\\/\\\/x.com\\\/pilma_es\",\"https:\\\/\\\/www.instagram.com\\\/pilma.es\\\/\",\"https:\\\/\\\/es.linkedin.com\\\/company\\\/pilma-es\\\/\",\"https:\\\/\\\/www.pinterest.es\\\/pilma_es\\\/\"]}]}<\/script>\n<!-- \/ Yoast SEO plugin. -->","yoast_head_json":{"title":"Frag\u00e0ncia Pilma - Pilma - Mobles de disseny i decoraci\u00f3 d'interiors","robots":{"index":"index","follow":"follow","max-snippet":"max-snippet:-1","max-image-preview":"max-image-preview:large","max-video-preview":"max-video-preview:-1"},"canonical":"https:\/\/pilma.com\/ca\/fragancia-pilma\/","og_locale":"ca_ES","og_type":"article","og_title":"Frag\u00e0ncia Pilma - Pilma - Mobles de disseny i decoraci\u00f3 d'interiors","og_description":"Frag\u00e0ncia Pilma Una frag\u00e0ncia, mil sensacionsAra far\u00e0 un any que vam trobar la frag\u00e0ncia que millor representava els nostres valors i que ha identificat olfactivament a partir de llavors les nostres botigues. Podr\u00edem descriure-la breument aix\u00ed: \"La calidesa i el confort de la fusta es fonen amb la seguretat i la fortalesa dels metalls en una harmoniosa combinaci\u00f3 de matisos especiats que transmeten la modernitat tradicional dels valors que, des de fa anys, Pilma desenvolupa per a la teva llar\".Cada persona que visita les nostres botigues percep la nostra frag\u00e0ncia d'una manera distinta, i \u00e9s transportada a un rac\u00f3 diferent dels seus records. Tanmateix, tothom coincideix en que \u00e9s una frag\u00e0ncia amb molta personalitat i car\u00e0cter, i sovint ens han demanat si la podien comprar.A partir d'ara, \u00e9s possible comprar-la a qualsevol de les nostres botigues. Est\u00e0 disponible en format d'ambientador, espelma i mikado per facilitar-vos que la frag\u00e0ncia s'adapti millor a la vostra llar i prefer\u00e8ncies, i en uns embalatges de formes geom\u00e8triques que dialoguen a la perfecci\u00f3.","og_url":"https:\/\/pilma.com\/ca\/fragancia-pilma\/","og_site_name":"Pilma - Mobles de disseny i decoraci\u00f3 d'interiors","article_publisher":"https:\/\/www.facebook.com\/Pilma.es\/","article_modified_time":"2023-06-19T11:48:26+00:00","twitter_card":"summary_large_image","twitter_site":"@pilma_es","twitter_misc":{"Temps estimat de lectura":"6 minuts"},"schema":{"@context":"https:\/\/schema.org","@graph":[{"@type":"WebPage","@id":"https:\/\/pilma.com\/ca\/fragancia-pilma\/","url":"https:\/\/pilma.com\/ca\/fragancia-pilma\/","name":"Frag\u00e0ncia Pilma - Pilma - Mobles de disseny i decoraci\u00f3 d'interiors","isPartOf":{"@id":"https:\/\/pilma.com\/ca\/#website"},"datePublished":"2023-05-29T15:20:39+00:00","dateModified":"2023-06-19T11:48:26+00:00","breadcrumb":{"@id":"https:\/\/pilma.com\/ca\/fragancia-pilma\/#breadcrumb"},"inLanguage":"ca","potentialAction":[{"@type":"ReadAction","target":["https:\/\/pilma.com\/ca\/fragancia-pilma\/"]}]},{"@type":"BreadcrumbList","@id":"https:\/\/pilma.com\/ca\/fragancia-pilma\/#breadcrumb","itemListElement":[{"@type":"ListItem","position":1,"name":"Home","item":"https:\/\/pilma.com\/ca\/"},{"@type":"ListItem","position":2,"name":"Frag\u00e0ncia Pilma"}]},{"@type":"WebSite","@id":"https:\/\/pilma.com\/ca\/#website","url":"https:\/\/pilma.com\/ca\/","name":"Pilma - Mobles de disseny i decoraci\u00f3 d'interiors","description":"Pilma - Mobles de disseny i decoraci\u00f3 d'interiors","publisher":{"@id":"https:\/\/pilma.com\/ca\/#organization"},"potentialAction":[{"@type":"SearchAction","target":{"@type":"EntryPoint","urlTemplate":"https:\/\/pilma.com\/ca\/?s={search_term_string}"},"query-input":{"@type":"PropertyValueSpecification","valueRequired":true,"valueName":"search_term_string"}}],"inLanguage":"ca"},{"@type":"Organization","@id":"https:\/\/pilma.com\/ca\/#organization","name":"Pilma","url":"https:\/\/pilma.com\/ca\/","logo":{"@type":"ImageObject","inLanguage":"ca","@id":"https:\/\/pilma.com\/ca\/#\/schema\/logo\/image\/","url":"https:\/\/pilma.com\/wp-content\/uploads\/2025\/11\/Pilma-512x512-1.png","contentUrl":"https:\/\/pilma.com\/wp-content\/uploads\/2025\/11\/Pilma-512x512-1.png","width":512,"height":512,"caption":"Pilma"},"image":{"@id":"https:\/\/pilma.com\/ca\/#\/schema\/logo\/image\/"},"sameAs":["https:\/\/www.facebook.com\/Pilma.es\/","https:\/\/x.com\/pilma_es","https:\/\/www.instagram.com\/pilma.es\/","https:\/\/es.linkedin.com\/company\/pilma-es\/","https:\/\/www.pinterest.es\/pilma_es\/"]}]}},"_links":{"self":[{"href":"https:\/\/pilma.com\/ca\/wp-json\/wp\/v2\/pages\/36589","targetHints":{"allow":["GET"]}}],"collection":[{"href":"https:\/\/pilma.com\/ca\/wp-json\/wp\/v2\/pages"}],"about":[{"href":"https:\/\/pilma.com\/ca\/wp-json\/wp\/v2\/types\/page"}],"author":[{"embeddable":true,"href":"https:\/\/pilma.com\/ca\/wp-json\/wp\/v2\/users\/18640"}],"replies":[{"embeddable":true,"href":"https:\/\/pilma.com\/ca\/wp-json\/wp\/v2\/comments?post=36589"}],"version-history":[{"count":0,"href":"https:\/\/pilma.com\/ca\/wp-json\/wp\/v2\/pages\/36589\/revisions"}],"wp:attachment":[{"href":"https:\/\/pilma.com\/ca\/wp-json\/wp\/v2\/media?parent=36589"}],"curies":[{"name":"wp","href":"https:\/\/api.w.org\/{rel}","templated":true}]}}